{"id":27,"date":"2020-11-05T20:19:07","date_gmt":"2020-11-05T20:19:07","guid":{"rendered":"https:\/\/www.loadcargo.com\/web\/?page_id=27"},"modified":"2020-11-17T22:13:52","modified_gmt":"2020-11-17T22:13:52","slug":"proteccion-de-datos-personales","status":"publish","type":"page","link":"https:\/\/www.loadcargo.com\/web\/proteccion-de-datos-personales\/","title":{"rendered":"PROTECCI\u00d3N DE DATOS PERSONALES"},"content":{"rendered":"<p>[et_pb_section fb_built=\u00bb1&#8243; _builder_version=\u00bb4.6.6&#8243; _module_preset=\u00bbdefault\u00bb background_color=\u00bbrgba(4,113,55,0.55)\u00bb background_image=\u00bbhttps:\/\/www.loadcargo.com\/web\/wp-content\/uploads\/2020\/11\/fondo_encabezado_politicas_2000x700-3.jpg\u00bb background_blend=\u00bbmultiply\u00bb hover_enabled=\u00bb0&#8243; title_text=\u00bbfondo_encabezado_politicas_2000x700&#8243; sticky_enabled=\u00bb0&#8243;][et_pb_row _builder_version=\u00bb4.6.6&#8243; _module_preset=\u00bbdefault\u00bb][et_pb_column type=\u00bb4_4&#8243; _builder_version=\u00bb4.6.6&#8243; _module_preset=\u00bbdefault\u00bb][et_pb_text _builder_version=\u00bb4.6.6&#8243; _module_preset=\u00bbdefault\u00bb text_font=\u00bbRoboto|700|||||||\u00bb text_text_color=\u00bb#FFFFFF\u00bb text_font_size=\u00bb45px\u00bb text_orientation=\u00bbcenter\u00bb animation_style=\u00bbzoom\u00bb animation_duration=\u00bb2000ms\u00bb]<\/p>\n<p>Pol\u00edtica de Protecci\u00f3n de Datos Personales<\/p>\n<p>[\/et_pb_text][\/et_pb_column][\/et_pb_row][\/et_pb_section][et_pb_section fb_built=\u00bb1&#8243; _builder_version=\u00bb4.6.6&#8243; _module_preset=\u00bbdefault\u00bb][et_pb_row _builder_version=\u00bb4.6.6&#8243; _module_preset=\u00bbdefault\u00bb][et_pb_column type=\u00bb4_4&#8243; _builder_version=\u00bb4.6.6&#8243; _module_preset=\u00bbdefault\u00bb][et_pb_text _builder_version=\u00bb4.6.6&#8243; _module_preset=\u00bbdefault\u00bb text_font=\u00bbMontserrat||||||||\u00bb text_orientation=\u00bbjustified\u00bb]<\/p>\n<p><strong>1. OBJETIVO<\/strong><\/p>\n<p style=\"text-align: justify;\">Cumplir con la legislaci\u00f3n vigente que aplica para manejo de Datos Personales al interior de la empresa.<\/p>\n<p>[\/et_pb_text][et_pb_text _builder_version=\u00bb4.6.6&#8243; _module_preset=\u00bbdefault\u00bb text_font=\u00bbMontserrat||||||||\u00bb text_orientation=\u00bbjustified\u00bb]<\/p>\n<p><strong>2. ALCANCE<\/strong><\/p>\n<p style=\"text-align: justify;\">Esta Pol\u00edtica de Protecci\u00f3n de Datos Personales se aplicar\u00e1 a todas las Bases de Datos y\/o Archivos que contengan Datos Personales que sean objeto de Tratamiento por parte de <strong>LoadCargo S.A.S.<\/strong><\/p>\n<p>[\/et_pb_text][et_pb_text _builder_version=\u00bb4.6.6&#8243; _module_preset=\u00bbdefault\u00bb text_font=\u00bbMontserrat||||||||\u00bb text_orientation=\u00bbjustified\u00bb]<\/p>\n<p style=\"text-align: justify;\"><strong>3. IDENTIFICACI\u00d3N DEL RESPONSABLE DEL TRATAMIENTO DE DATOS PERSONALES<\/strong><\/p>\n<p style=\"text-align: justify; padding-left: 30px;\">Empresa: LoadCargo S.A.S.<br \/> Domicilio: Carrera 78 # 17-57 Of. 311 Edificio Meridiano 13<br \/> Tel\u00e9fono: (+571) 4813540<br \/> Correo electr\u00f3nico: contabilidad@loadcargo.com<br \/> Web Site: www.loadcargo.com<\/p>\n<p>[\/et_pb_text][et_pb_text _builder_version=\u00bb4.6.6&#8243; _module_preset=\u00bbdefault\u00bb text_font=\u00bbMontserrat||||||||\u00bb text_orientation=\u00bbjustified\u00bb]<\/p>\n<p><strong>4. NORMATIVIDAD<\/strong><\/p>\n<p style=\"text-align: justify;\">Esta Pol\u00edtica de Protecci\u00f3n de Datos Personales y el Aviso de Privacidad en los formatos de Clientes, Proveedores y Personal, se rigen por lo dispuesto en la legislaci\u00f3n vigente sobre protecci\u00f3n de los Datos Personales a los que se refieren el Art\u00edculo 15 de la Constituci\u00f3n Pol\u00edtica de Colombia, la Ley 1266 de 2008, la Ley 1581 de 2012, el Decreto 1377 de 2013, el Decreto 1727 de 2009 y dem\u00e1s normas que las modifiquen, deroguen o sustituyan.<\/p>\n<p>[\/et_pb_text][et_pb_text _builder_version=\u00bb4.6.6&#8243; _module_preset=\u00bbdefault\u00bb text_font=\u00bbMontserrat||||||||\u00bb text_orientation=\u00bbjustified\u00bb]<\/p>\n<p><strong>5. DEFINICIONES<\/strong><\/p>\n<p style=\"text-align: justify;\"><strong>AUTORIZACI\u00d3N:<\/strong> Consentimiento previo, expreso e informado del Titular para llevar a cabo el Tratamiento de Datos Personales.<\/p>\n<p style=\"text-align: justify;\"><strong>AVISO DE PRIVACIDAD:<\/strong> Comunicaci\u00f3n verbal o escrita generada por el Responsable, dirigida al Titular para el Tratamiento de sus Datos Personales, mediante la cual se le informa acerca de la existencia de las Pol\u00edticas de Tratamiento de informaci\u00f3n que le ser\u00e1n aplicables, la forma de acceder a las mismas y las finalidades del Tratamiento que se pretende dar a los datos personales.<\/p>\n<p style=\"text-align: justify;\"><strong>BASE DE DATOS:<\/strong> Conjunto organizado de Datos Personales que sea objeto de Tratamiento.<\/p>\n<p style=\"text-align: justify;\"><strong>DATO PERSONAL:<\/strong> Cualquier informaci\u00f3n vinculada o que pueda asociarse a una o varias personas naturales<br \/>determinadas o determinables.<\/p>\n<p style=\"text-align: justify;\"><strong>DATO P\u00daBLICO:<\/strong> Es el dato que no sea semiprivado, privado o sensible. Son considerados datos p\u00fablicos, entre otros, los datos relativos al estado civil de las personas, a su profesi\u00f3n u oficio y a su calidad de comerciante o de servidor p\u00fablico.<\/p>\n<p style=\"text-align: justify;\"><strong>DATOS SENSIBLES:<\/strong> Aquellos que afectan la intimidad del Titular o cuyo uso indebido puede generar su discriminaci\u00f3n, tales como aquellos que revelen el origen racial o \u00e9tnico, la orientaci\u00f3n pol\u00edtica, las convicciones religiosas o filos\u00f3ficas, la pertenencia a sindicatos, organizaciones sociales, de derechos humanos o que promueva intereses de cualquier partido pol\u00edtico o que garanticen los derechos y garant\u00edas de partidos pol\u00edticos de oposici\u00f3n as\u00ed como los datos relativos a la salud, a la vida sexual y los datos biom\u00e9tricos.<\/p>\n<p style=\"text-align: justify;\"><strong>ENCARGADO DEL TRATAMIENTO:<\/strong> Persona natural o jur\u00eddica, p\u00fablica o privada, que por s\u00ed misma o en asocio con<br \/>otros, realice el Tratamiento de Datos Personales por cuenta del Responsable del Tratamiento. En los eventos en que el Responsable no ejerza como Encargado de la Base de Datos, se identificar\u00e1 expresamente qui\u00e9n ser\u00e1 el Encargado.<\/p>\n<p style=\"text-align: justify;\"><strong>RESPONSABLE DEL TRATAMIENTO:<\/strong> Persona natural o jur\u00eddica, p\u00fablica o privada, que por s\u00ed misma o en asocio con otros, decida sobre la Base de Datos y\/o el Tratamiento de los datos.<\/p>\n<p style=\"text-align: justify;\"><strong>SGCS:<\/strong> Sistema de Gesti\u00f3n en Control y Seguridad.<\/p>\n<p style=\"text-align: justify;\"><strong>T\u00c9RMINOS Y CONDICIONES:<\/strong> marco general en el cual se establecen las condiciones para los participantes de<br \/>actividades promocionales o afines.<\/p>\n<p style=\"text-align: justify;\"><strong>TITULAR:<\/strong> Persona natural cuyos Datos Personales sean objeto de Tratamiento.<\/p>\n<p style=\"text-align: justify;\"><strong>TRATAMIENTO:<\/strong> Cualquier operaci\u00f3n o conjunto de operaciones sobre Datos Personales, tales como la recolecci\u00f3n, almacenamiento, uso, circulaci\u00f3n o supresi\u00f3n.<\/p>\n<p style=\"text-align: justify;\"><strong>TRANSFERENCIA:<\/strong> La transferencia de datos tiene lugar cuando el Responsable y\/o Encargado del Tratamiento de datos personales, ubicado en Colombia, env\u00eda la informaci\u00f3n o los datos personales a un receptor, que a su vez es Responsable del Tratamiento y se encuentra dentro o fuera del pa\u00eds.<\/p>\n<p style=\"text-align: justify;\"><strong>TRANSMISI\u00d3N:<\/strong> Tratamiento de Datos Personales que implica la comunicaci\u00f3n de los mismos dentro o fuera del<br \/>territorio de la Rep\u00fablica de Colombia cuando tenga por objeto la realizaci\u00f3n de un Tratamiento por el Encargado por cuenta del Responsable.<\/p>\n<p>[\/et_pb_text][et_pb_text _builder_version=\u00bb4.6.6&#8243; _module_preset=\u00bbdefault\u00bb text_font=\u00bbMontserrat||||||||\u00bb text_orientation=\u00bbjustified\u00bb]<\/p>\n<p style=\"text-align: justify;\"><strong>6. PRINCIPIOS PARA EL TRATAMIENTO DE LA INFORMACI\u00d3N:<\/strong><\/p>\n<p style=\"text-align: justify;\"><strong>LoadCargo S.A.S.<\/strong>, actuando en calidad de Responsable del Tratamiento de Datos Personales, para el adecuado\u00a0desarrollo de sus actividades comerciales, as\u00ed como para el fortalecimiento de sus relaciones con terceros, recolecta, almacena, usa, circula y suprime Datos Personales correspondientes a personas naturales o jur\u00eddicas con quienes tiene o ha tenido relaci\u00f3n, tales como, sin que la enumeraci\u00f3n signifique limitaci\u00f3n, trabajadores y familiares de \u00e9stos, accionistas, clientes, proveedores, acreedores y deudores, conductores, tenedores y propietarios de veh\u00edculos.<\/p>\n<p style=\"text-align: justify;\">Para realizar un adecuado tratamiento de esta informaci\u00f3n, se basa en los siguientes principios de acuerdo a lo establecido en la ley 1581 del 2012:<br \/> <span style=\"text-decoration: underline;\"><strong>LEGALIDAD:<\/strong><\/span> Los Datos Personales que recolecte <strong>LoadCargo S.A.S.<\/strong>, para el adecuado funcionamiento como persona jur\u00eddica se har\u00e1 de acuerdo lo dispuesto en la presente pol\u00edtica y dando cumplimiento a los requerimientos legales establecidos para este aspecto en particular.<br \/> <span style=\"text-decoration: underline;\"><strong>FINALIDAD:<\/strong><\/span> Los Datos Personales que recolecta <strong>LoadCargo S.A.S.<\/strong>, de acuerdo a tipo de relaci\u00f3n establecida con el titular pueden tener una de las siguientes finalidades:<\/p>\n<p>[\/et_pb_text][et_pb_text _builder_version=\u00bb4.6.6&#8243; _module_preset=\u00bbdefault\u00bb text_font=\u00bbMontserrat||||||||\u00bb text_orientation=\u00bbjustified\u00bb]<\/p>\n<ul>\n<li style=\"text-align: justify;\">El env\u00edo de informaci\u00f3n a sus trabajadores y familiares;<\/li>\n<li style=\"text-align: justify;\">Garantizar la prestaci\u00f3n de los servicios de salud a los familiares de los trabajadores de LoadCargo S.A.S.,beneficiarios del servicio de salud;<\/li>\n<li style=\"text-align: justify;\">Certificar el reconocimiento, protecci\u00f3n y ejercicio de los derechos de los accionistas de <strong>LoadCargo S.A.S.<\/strong>;<\/li>\n<li style=\"text-align: justify;\">Conocer y fortalecer las relaciones con nuestros clientes y proveedores mediante la verificaci\u00f3n de:<br \/> \u2714 Informaci\u00f3n relevante de su constituci\u00f3n y ubicaci\u00f3n.<br \/> \u2714 La evaluaci\u00f3n de la calidad de su servicio al cliente.<br \/> \u2714 La verificaci\u00f3n del suministro oportuno y de calidad con sus Referidos.<br \/> \u2714 La determinaci\u00f3n de obligaciones pendientes, la consulta de informaci\u00f3n financiera e historia crediticia y el reporte a centrales de informaci\u00f3n de obligaciones incumplidas, respecto de sus deudores.<br \/> \u2714 Para la atenci\u00f3n de requerimientos judiciales o administrativos y el cumplimiento de mandatos judiciales o legales.<br \/> \u2714 Para eventualmente contactar, v\u00eda correo electr\u00f3nico, o por cualquier otro medio, a personas naturales con quienes tiene o ha tenido relaci\u00f3n, tales como, sin que la enumeraci\u00f3n signifique limitaci\u00f3n, trabajadores y familiares de \u00e9stos, accionistas, clientes, proveedores, acreedores y deudores, conductores, tenedores y propietarios de veh\u00edculos para las finalidades antes mencionadas.<\/li>\n<li style=\"text-align: justify;\">Conocer a nuestros colaboradores y garantizar su idoneidad para la ejecuci\u00f3n de las labores contratadas<br \/> por parte <strong>LoadCargo S.A.S.<\/strong>.<\/li>\n<li style=\"text-align: justify;\">Contar con la informaci\u00f3n actualizada para contactar a familiares cercanos o referidos de nuestros\u00a0colaboradores en caso de que se presentara alguna circunstancia o urgencia que lo requiriera.<\/li>\n<\/ul>\n<p>[\/et_pb_text][et_pb_text _builder_version=\u00bb4.6.6&#8243; _module_preset=\u00bbdefault\u00bb text_font=\u00bbMontserrat||||||||\u00bb text_orientation=\u00bbjustified\u00bb]<\/p>\n<p style=\"text-align: justify;\"><span style=\"text-decoration: underline;\"><strong>LIBERTAD:<\/strong><\/span> <strong>LoadCargo S.A.S.<\/strong>, actuando en calidad de Responsable del Tratamiento de Datos Personales, ha establecido diferentes formatos de acuerdo al tipo de relaci\u00f3n establecida con un tercero para solicitar la autorizaci\u00f3n y consentimiento previo, expreso e informado por parte del titular.<br \/> <strong><span style=\"text-decoration: underline;\">VERACIDAD O CALIDAD:<\/span><\/strong> Los Datos que recolecte <strong>LoadCargo S.A.S.<\/strong>, ser\u00e1n suministrados por la fuente irecta para evitar tratamiento de datos inexactos, incompletos o fraccionados. Adicionalmente la\u00a0empresa ha establecido canales de comunicaci\u00f3n para que el titular de la informaci\u00f3n pueda realizar\u00a0cuando lo considere o le sea solicitado la actualizaci\u00f3n y\/o correcci\u00f3n de sus datos.<br \/> <span style=\"text-decoration: underline;\"><strong>TRANSPARENCIA:<\/strong><\/span> <strong>LoadCargo S.A.S.<\/strong>, est\u00e1 abierto y dispuesto para entregar al propietario de la informaci\u00f3n\u00a0los datos que han sido recolectados o atener cualquier duda, inquietud o correcci\u00f3n que requiera el titular de la misma.<br \/> <span style=\"text-decoration: underline;\"><strong>ACCESO Y CIRCULACI\u00d3N RESTRINGIDA:<\/strong><\/span> Los Datos Personales que recolecta <strong>LoadCargo S.A.S.<\/strong>, ser\u00e1n<br \/> manejados por el personal autorizado para tal fin de acuerdo al tipo de relaci\u00f3n establecida con la\u00a0empresa. La empresa ha realizado acuerdo de confidencialidad para el manejo de la informaci\u00f3n con sus\u00a0colaboradores internos en aras de mantener y salvaguardar su reserva.<br \/> <span style=\"text-decoration: underline;\"><strong>SEGURIDAD:<\/strong><\/span> Los Datos Personales que recolecta <strong>LoadCargo S.A.S.<\/strong>, son manejados con est\u00e1ndares de\u00a0seguridad a nivel digital y f\u00edsico para evitar fugas de informaci\u00f3n recolectada.<br \/> <span style=\"text-decoration: underline;\"><strong>CONFIDENCIALIDAD:<\/strong><\/span> Nuestros colaboradores han acordado garantizar la reserva de la informaci\u00f3n a\u00a0trav\u00e9s de la firma de un acuerdo realizado con ellos en el momento del establecimiento y difusi\u00f3n de la\u00a0presente pol\u00edtica.<\/p>\n<p>[\/et_pb_text][et_pb_text _builder_version=\u00bb4.6.6&#8243; _module_preset=\u00bbdefault\u00bb text_font=\u00bbMontserrat||||||||\u00bb text_orientation=\u00bbjustified\u00bb]<\/p>\n<p style=\"text-align: justify;\"><strong>7. DERECHOS DE LOS TITULARES DE LA INFORMACI\u00d3N:<\/strong><\/p>\n<p style=\"text-align: justify;\">Las personas naturales cuyos Datos Personales sean objeto de Tratamiento por parte de <strong>LoadCargo S.A.S.<\/strong>, tienen los siguientes derechos, los cuales pueden ejercer en cualquier momento:<\/p>\n<ul>\n<li style=\"text-align: justify;\">Conocer los Datos Personales sobre los cuales <strong>LoadCargo S.A.S.<\/strong>, est\u00e1 realizando el Tratamiento.<\/li>\n<li style=\"text-align: justify;\">Solicitar en cualquier momento, que sus datos sean actualizados o rectificados, por ejemplo, si encuentra que sus datos son parciales, inexactos, incompletos, fraccionados, induzcan a error, o aquellos cuyo tratamiento est\u00e9 expresamente prohibido o no haya sido autorizado.<\/li>\n<li style=\"text-align: justify;\">Solicitar prueba de la autorizaci\u00f3n otorgada a <strong>LoadCargo S.A.S.<\/strong>, para el Tratamiento de sus Datos Personales.<\/li>\n<li style=\"text-align: justify;\">Ser informado por <strong>LoadCargo S.A.S.<\/strong>, previa solicitud, respecto del uso que \u00e9sta le ha dado a sus Datos<br \/> Personales.<\/li>\n<li style=\"text-align: justify;\">Presentar ante la Superintendencia de Industria y Comercio quejas por infracciones a lo dispuesto en la Ley de Protecci\u00f3n de Datos Personales.<\/li>\n<li style=\"text-align: justify;\">Solicitar a <strong>LoadCargo S.A.S.<\/strong>, la supresi\u00f3n de sus Datos Personales y\/o revocar la autorizaci\u00f3n otorgada para el Tratamiento de los mismos, mediante la presentaci\u00f3n de un reclamo, de acuerdo con los procedimientos establecidos en el numeral 12 de esta Pol\u00edtica. No obstante, la solicitud de supresi\u00f3n de la informaci\u00f3n y la revocatoria de la autorizaci\u00f3n no proceder\u00e1n cuando el Titular de la informaci\u00f3n tenga un deber legal o contractual de permanecer en la Base de Datos y\/o Archivos, ni mientras se encuentre vigente la relaci\u00f3n entre el Titular y <strong>LoadCargo S.A.S.<\/strong>, en virtud de la cual fueron recolectados sus datos.<\/li>\n<li style=\"text-align: justify;\">Acceder de forma gratuita a sus Datos Personales objeto de Tratamiento.<\/li>\n<li style=\"text-align: justify;\">A solicitar de parte del <strong>LoadCargo S.A.S.<\/strong>, evidencias del tratamiento confidencial y del nivel de seguridad con la que est\u00e1 siendo manejada su informaci\u00f3n.<\/li>\n<li style=\"text-align: justify;\">A negarse a entregar informaci\u00f3n sensible que le sea requerida por cualquiera de nuestros colaboradores.<\/li>\n<li style=\"text-align: justify;\">A solicitar a la superintendencia de industria y Comercio, que ordene la revocatoria de la autorizaci\u00f3n y\/o supresi\u00f3n de los datos personales si el responsable de la informaci\u00f3n hiciera caso omiso de su solicitud.<\/li>\n<\/ul>\n<p style=\"text-align: justify;\">Estos derechos pueden ser ejercidos por las siguientes personas:<\/p>\n<p style=\"text-align: justify; padding-left: 30px;\">a. Por el titular acreditando de forma suficiente su identidad.<br \/> b. Por sus causahabientes, quienes deber\u00e1n acreditar tal calidad.<br \/> c. Por el representante o apoderado del titular, con carta de acreditaci\u00f3n y autorizaci\u00f3n.<br \/> d. Por estipulaci\u00f3n a favor de otro o para otro.<br \/> e. Los derechos de los ni\u00f1os, ni\u00f1as o adolescentes se ejercer\u00e1n por las personas que est\u00e9n facultadas para representarlos.<\/p>\n<p>[\/et_pb_text][et_pb_text _builder_version=\u00bb4.6.6&#8243; _module_preset=\u00bbdefault\u00bb text_font=\u00bbMontserrat||||||||\u00bb text_orientation=\u00bbjustified\u00bb]<\/p>\n<p style=\"text-align: justify;\"><strong>8. DEBERES DE LOS ENCARGADOS Y RESPONSABLES DEL TRATAMIENTO:<\/strong><\/p>\n<p style=\"text-align: justify;\"><span style=\"text-decoration: underline;\"><strong>ENCARGADOS<\/strong><\/span><\/p>\n<ul>\n<li style=\"text-align: justify;\">Garantizar al Titular, en todo momento el pleno y efectivo ejercicio del derecho de h\u00e1beas data.<\/li>\n<li style=\"text-align: justify;\">Conservar la informaci\u00f3n bajo las condiciones de seguridad necesarias para impedir su adulteraci\u00f3n, p\u00e9rdida, consulta, uso o acceso no autorizado o fraudulento.<\/li>\n<li style=\"text-align: justify;\">Realizar oportunamente la actualizaci\u00f3n, rectificaci\u00f3n o supresi\u00f3n de los datos en los t\u00e9rminos de la presente ley.<\/li>\n<li style=\"text-align: justify;\">Actualizar la informaci\u00f3n reportada y tramitar las consultas y los reclamos formulados por los Titulares en los t\u00e9rminos se\u00f1alados en la presente ley.<\/li>\n<li style=\"text-align: justify;\">Adoptar un manual interno de pol\u00edticas y procedimientos para garantizar el adecuado cumplimiento de la ley 1581 del 2012 y, en especial, para la atenci\u00f3n de consultas y reclamos por parte de los Titulares.<\/li>\n<li style=\"text-align: justify;\">Abstenerse de circular informaci\u00f3n que est\u00e9 siendo controvertida por el Titular y cuyo bloqueo haya sido ordenado por la Superintendencia de Industria y Comercio.<\/li>\n<li style=\"text-align: justify;\">Permitir el acceso a la informaci\u00f3n \u00fanicamente a las personas que pueden tener acceso a ella.<\/li>\n<li style=\"text-align: justify;\">Informar a la Superintendencia de Industria y Comercio cuando se presenten violaciones a los c\u00f3digos de seguridad y existan riesgos en la administraci\u00f3n de la informaci\u00f3n de los Titulares.<\/li>\n<li style=\"text-align: justify;\">Cumplir las instrucciones y requerimientos que imparta la Superintendencia de Industria y Comercio.<\/li>\n<\/ul>\n<p style=\"text-align: justify;\"><span style=\"text-decoration: underline;\"><strong>RESPONSABLES<\/strong><\/span><\/p>\n<p style=\"text-align: justify;\"><span style=\"text-decoration: underline;\"><strong><\/strong><\/span><\/p>\n<ul>\n<li style=\"text-align: justify;\">Garantizar al Titular, en todo tiempo, el pleno y efectivo ejercicio del derecho de h\u00e1beas data.<\/li>\n<li style=\"text-align: justify;\">Solicitar y conservar la copia de la respectiva autorizaci\u00f3n otorgada por el Titular.<\/li>\n<li style=\"text-align: justify;\">Informar debidamente al Titular sobre la finalidad de la recolecci\u00f3n y los derechos que le asisten por virtud de la autorizaci\u00f3n otorgada.<\/li>\n<li style=\"text-align: justify;\">Conservar la informaci\u00f3n bajo las condiciones de seguridad necesarias para impedir su adulteraci\u00f3n, p\u00e9rdida, consulta, uso o acceso no autorizado o fraudulento.<\/li>\n<li style=\"text-align: justify;\">Garantizar que la informaci\u00f3n que se suministre al Encargado del Tratamiento sea veraz, completa, exacta, actualizada, comprobable y comprensible.<\/li>\n<li style=\"text-align: justify;\">Actualizar la informaci\u00f3n, comunicando de forma oportuna al Encargado del Tratamiento, todas las novedades respecto de los datos que previamente le haya suministrado y adoptar las dem\u00e1s medidas necesarias para que la informaci\u00f3n suministrada a \u00e9ste se mantenga actualizada.<\/li>\n<li style=\"text-align: justify;\">Rectificar la informaci\u00f3n cuando sea incorrecta y comunicar lo pertinente al Encargado del Tratamiento.<\/li>\n<li style=\"text-align: justify;\">Suministrar al Encargado del Tratamiento, seg\u00fan el caso, \u00fanicamente datos cuyo Tratamiento est\u00e9 previamente autorizado de conformidad con lo previsto en la presente ley.<\/li>\n<li style=\"text-align: justify;\">Exigir al Encargado del Tratamiento en todo momento, el respeto a las condiciones de seguridad y privacidad de la informaci\u00f3n del Titular.<\/li>\n<li style=\"text-align: justify;\">Tramitar las consultas y reclamos formulados en los t\u00e9rminos se\u00f1alados por la ley 1581 del 2012.<\/li>\n<li style=\"text-align: justify;\">Adoptar el presente manual interno para garantizar el adecuado cumplimiento de la ley y en especial, para la atenci\u00f3n de consultas y reclamos.<\/li>\n<li style=\"text-align: justify;\">Informar al Encargado del Tratamiento cuando determinada informaci\u00f3n se encuentra en discusi\u00f3n por parte del Titular, una vez se haya presentado la reclamaci\u00f3n y no haya finalizado el tr\u00e1mite respectivo.<\/li>\n<li style=\"text-align: justify;\">Informar a solicitud del Titular sobre el uso dado a sus datos.<\/li>\n<li style=\"text-align: justify;\">Informar a la autoridad de protecci\u00f3n de datos cuando se presenten violaciones a los c\u00f3digos de seguridad y existan riesgos en la administraci\u00f3n de la informaci\u00f3n de los Titulares.<\/li>\n<li style=\"text-align: justify;\">Cumplir las instrucciones y requerimientos que imparta la Superintendencia de Industria y Comercio.<\/li>\n<\/ul>\n<p>[\/et_pb_text][et_pb_text _builder_version=\u00bb4.6.6&#8243; _module_preset=\u00bbdefault\u00bb text_font=\u00bbMontserrat||||||||\u00bb text_orientation=\u00bbjustified\u00bb]<\/p>\n<p style=\"text-align: justify;\"><strong>9. AUTORIZACI\u00d3N:<\/strong><\/p>\n<p style=\"text-align: justify;\">Las personas responsables de la implementaci\u00f3n y observancia de esta pol\u00edtica dentro de la empresa son:<\/p>\n<p style=\"text-align: justify; padding-left: 30px;\">a. El Representante de la Direcci\u00f3n de la empresa, quien tiene a su cargo la labor de desarrollo, implementaci\u00f3n, capacitaci\u00f3n y observancia de \u00e9sta Pol\u00edtica. Para el efecto, todos los funcionarios que realizan el Tratamiento de Datos Personales en las diferentes \u00e1reas de la empresa, est\u00e1n obligados a reportar estas Bases de Datos y a dar traslado a \u00e9sta de manera inmediata, de todas las peticiones, quejas o reclamos que reciban por parte de los Titulares de Datos Personales al Representante de la Direcci\u00f3n.<\/p>\n<p style=\"text-align: justify; padding-left: 30px;\">b. El Jefe de Despachos tambi\u00e9n ha sido designado por la empresa, como responsable de la atenci\u00f3n de<br \/>peticiones, consultas, quejas y reclamos ante la cual el Titular de la informaci\u00f3n podr\u00e1 ejercer sus derechos a conocer, actualizar, rectificar y suprimir el dato y revocar la autorizaci\u00f3n.<\/p>\n<p>[\/et_pb_text][et_pb_text _builder_version=\u00bb4.6.6&#8243; _module_preset=\u00bbdefault\u00bb text_font=\u00bbMontserrat||||||||\u00bb text_orientation=\u00bbjustified\u00bb]<\/p>\n<p style=\"text-align: justify;\"><strong>LoadCargo S.A.S.<\/strong>, debe solicitar, a trav\u00e9s de las personas designadas, la autorizaci\u00f3n previa, expresa e informada a los Titulares de los Datos Personales sobre los que requiera realizar el Tratamiento.<\/p>\n<ul>\n<li style=\"text-align: justify;\"><strong>PREVIA<\/strong> significa, que el consentimiento debe ser otorgado por el Titular, a m\u00e1s tardar en el momento de la<br \/>recolecci\u00f3n de los Datos Personales.<\/li>\n<li style=\"text-align: justify;\"><strong>EXPRESA<\/strong> quiere decir que el consentimiento del Titular debe ser expl\u00edcito y concreto, no son v\u00e1lidas las autorizaciones abiertas y no espec\u00edficas. Se requiere que el Titular manifieste su voluntad de autorizar que <strong>LoadCargo S.A.S.<\/strong>,realice el Tratamiento de sus Datos Personales. Esta manifestaci\u00f3n de voluntad del Titular puede darse a trav\u00e9s de diferentes mecanismos puestos a disposici\u00f3n por la empresa, tales como:<\/li>\n<\/ul>\n<p style=\"text-align: justify; padding-left: 30px;\">i. Por escrito, por ejemplo, diligenciando un formato de autorizaci\u00f3n.<br \/>ii. De forma oral, por ejemplo, en una conversaci\u00f3n telef\u00f3nica o en videoconferencia.<br \/>iii. Mediante conductas inequ\u00edvocas que permitan concluir que otorg\u00f3 su autorizaci\u00f3n, por ejemplo, a trav\u00e9s de su aceptaci\u00f3n expresa a los T\u00e9rminos y Condiciones de una actividad dentro de los cuales se requiera la autorizaci\u00f3n de los participantes para el Tratamiento de sus Datos Personales.<\/p>\n<p style=\"text-align: justify; padding-left: 30px;\"><strong>IMPORTANTE:<\/strong><br \/>i. En ning\u00fan caso <strong>LoadCargo S.A.S.<\/strong> asimilar\u00e1 el silencio del Titular a una conducta inequ\u00edvoca.<br \/>ii. Cualquiera que sea el mecanismo utilizado por <strong>LoadCargo S.A.S.<\/strong>, es necesario que la autorizaci\u00f3n se conserve para poder ser consultada con posterioridad.<\/p>\n<p style=\"text-align: justify;\"><strong>INFORMADA<\/strong> significa que al momento de solicitar el consentimiento al Titular, debe inform\u00e1rsele<br \/>claramente:<\/p>\n<p style=\"text-align: justify; padding-left: 30px;\">i. Los Datos Personales que ser\u00e1n recolectados.<br \/>ii. La identificaci\u00f3n y datos de contacto del Responsable y del Encargado del Tratamiento.<br \/>iii. Las finalidades espec\u00edficas del Tratamiento que se pretende realizar, es decir: c\u00f3mo y para qu\u00e9 se va a hacer la recolecci\u00f3n, el uso, la circulaci\u00f3n de los Datos Personales.<br \/>iv. Cu\u00e1les son los derechos que tiene como Titular de los Datos Personales; para el efecto ver el numeral 7 de \u00e9sta Pol\u00edtica.<br \/>v. El car\u00e1cter discrecional de la respuesta a las preguntas que le sean hechas, cuando \u00e9stas versen sobre datos sensibles o sobre los datos de ni\u00f1as, ni\u00f1os y adolescentes.<\/p>\n<p style=\"text-align: justify;\"><strong>LoadCargo S.A.S.<\/strong>, no deber\u00eda solicitar requerir autorizaci\u00f3n para el manejo de informaci\u00f3n en los siguientes casos:<\/p>\n<p style=\"text-align: justify; padding-left: 30px;\">i. Los Datos que se consideran de naturaleza p\u00fablica.<br \/>ii. En casos de urgencia m\u00e9dica o sanitaria.<br \/>iii. Cuando realice tratamiento de informaci\u00f3n autorizado por la ley para fines hist\u00f3ricos, estad\u00edsticos o cient\u00edficos.<br \/>iv. Datos relacionados con el Registro Civil de las Personas.<\/p>\n<p style=\"text-align: justify;\">Cuando se acceda a los datos personales sin que medie autorizaci\u00f3n previa se deber\u00e1 en todo caso cumplir con las disposiciones contenidas en la presente pol\u00edtica.<\/p>\n<p>[\/et_pb_text][et_pb_text _builder_version=\u00bb4.6.6&#8243; _module_preset=\u00bbdefault\u00bb text_font=\u00bbMontserrat||||||||\u00bb text_orientation=\u00bbjustified\u00bb]<\/p>\n<p><strong>10. SUMINISTRO:<\/strong><\/p>\n<p style=\"text-align: justify;\">La informaci\u00f3n solicitada por <strong>LoadCargo S.A.S.<\/strong>, podr\u00e1 ser suministrada por medio f\u00edsico o digital en los documentos y\/o formatos requeridos, diligenciado todos los campos solicitados sin tachaduras, enmendaduras, claves u otras barreras t\u00e9cnicas que impidan el acceso a la misma.<\/p>\n<p>[\/et_pb_text][et_pb_text _builder_version=\u00bb4.6.6&#8243; _module_preset=\u00bbdefault\u00bb text_font=\u00bbMontserrat||||||||\u00bb text_orientation=\u00bbjustified\u00bb]<\/p>\n<p><strong>11. TRATAMIENTO DE DATOS SENSIBLES:<\/strong><\/p>\n<p style=\"text-align: justify;\">De acuerdo con la Ley de Protecci\u00f3n de Datos Personales, se consideran como datos de naturaleza sensible<br \/> aquellos que afectan la intimidad o cuyo uso indebido puede generar discriminaci\u00f3n, tales como los<br \/> relacionados con:<\/p>\n<p style=\"text-align: justify; padding-left: 30px;\">1. Origen racial o \u00e9tnico.<br \/> 2. Orientaci\u00f3n pol\u00edtica.<br \/> 3. Convicciones religiosas \/ filos\u00f3ficas.<br \/> 4. Pertenencia a sindicatos, a organizaciones sociales, a organizaciones de derechos humanos o a partidos pol\u00edticos.<br \/> 5. Salud.<br \/> 6. Vida sexual.<br \/> 7. Datos biom\u00e9tricos (como la huella dactilar, la firma y la foto).<\/p>\n<p style=\"text-align: justify;\">El Tratamiento de los Datos Personales de naturaleza sensible est\u00e1 prohibido por la ley, salvo que se cuente conautorizaci\u00f3n expresa, previa e informada del Titular, entre otras excepciones consagradas en el Art\u00edculo 6\u00ba de la Ley 1581 de 2012.<\/p>\n<p style=\"text-align: justify;\">En este caso, adem\u00e1s de cumplir con los requisitos establecidos para la autorizaci\u00f3n, <strong>LoadCargo S.A.S.<\/strong>, deber\u00e1:<\/p>\n<p style=\"text-align: justify; padding-left: 30px;\">1. Informar al Titular que por tratarse de datos sensibles no est\u00e1 obligado a autorizar su Tratamiento.<br \/> 2. Informar al Titular cu\u00e1les de los datos que ser\u00e1n objeto de Tratamiento son sensibles y la finalidad del Tratamiento.<\/p>\n<p style=\"text-align: justify;\"><strong>IMPORTANTE:<\/strong> Ninguna actividad podr\u00e1 condicionarse a que el Titular suministre Datos Personales sensibles.<\/p>\n<p>[\/et_pb_text][et_pb_text _builder_version=\u00bb4.6.6&#8243; _module_preset=\u00bbdefault\u00bb text_font=\u00bbMontserrat||||||||\u00bb text_orientation=\u00bbjustified\u00bb]<\/p>\n<p><strong>12. TRATAMIENTO DE DATOS PERSONALES DE NI\u00d1OS, NI\u00d1AS Y ADOLESCENTES:<\/strong><\/p>\n<p style=\"text-align: justify;\"><strong>LoadCargo S.A.S.<\/strong>, solo maneja datos de ni\u00f1os, ni\u00f1as y adolescentes correspondientes a los hijos de los empleados, con el fin \u00fanico de ser ingresados como beneficiarios de la seguridad social de sus padres.<\/p>\n<p>[\/et_pb_text][et_pb_text _builder_version=\u00bb4.6.6&#8243; _module_preset=\u00bbdefault\u00bb text_font=\u00bbMontserrat||||||||\u00bb text_orientation=\u00bbjustified\u00bb]<\/p>\n<p style=\"text-align: justify;\"><strong>13. PROCEDIMIENTO PARA ATENCI\u00d3N Y RESPUESTA A PETICIONES, CONSULTAS, QUEJAS Y RECLAMOS DE LOS TITULARES DE DATOS PERSONALES<\/strong><\/p>\n<p style=\"text-align: justify;\">Los Titulares de los Datos Personales que est\u00e9n siendo recolectados, almacenados, utilizados, puestos en circulaci\u00f3n por LoadCargo S.A.S., podr\u00e1n ejercer en cualquier momento sus derechos a conocer, actualizar, rectificar y suprimir informaci\u00f3n y revocar la autorizaci\u00f3n.<\/p>\n<p style=\"text-align: justify;\">Para el efecto, se seguir\u00e1 el siguiente procedimiento, de conformidad con la Ley de Protecci\u00f3n de Datos Personales:<\/p>\n<p>[\/et_pb_text][et_pb_text _builder_version=\u00bb4.6.6&#8243; _module_preset=\u00bbdefault\u00bb text_font=\u00bbMontserrat||||||||\u00bb text_orientation=\u00bbjustified\u00bb]<\/p>\n<table style=\"margin-left: auto; margin-right: auto;\">\n<tbody>\n<tr>\n<td colspan=\"2\" style=\"text-align: center;\"><strong>ATENCI\u00d3N Y RESPUESTA A SOLICITUDES, PETICIONES Y CONSULTAS<\/strong><\/td>\n<\/tr>\n<tr>\n<td>\u00bfC\u00f3mo realizar el tr\u00e1mite?<\/td>\n<td>El Titular o sus causahabientes, podr\u00e1n solicitar a la empresa, informaci\u00f3n sobre los Datos Personales del Titular que son objeto de Tratamiento.<br \/> 1. Solicitar prueba de la autorizaci\u00f3n otorgada a la empresa, para el Tratamiento de sus Datos Personales.<br \/> 2. Informaci\u00f3n respecto del uso que se le ha dado por la empresa a sus datos personales.<\/td>\n<\/tr>\n<tr>\n<td>Medios habilitados<\/td>\n<td>Comunicaci\u00f3n escrita: Carrera 78 # 17-57 Of. 311 Edificio Meridiano 13<br \/> Correo electr\u00f3nico: <strong>contabilidad@loadcargo.com<\/strong><\/td>\n<\/tr>\n<tr>\n<td>Atenci\u00f3n y Respuesta<\/td>\n<td style=\"text-align: justify;\">Las peticiones y consultas ser\u00e1n atendidas en un t\u00e9rmino m\u00e1ximo de diez (10) d\u00edas h\u00e1biles contados a partir de la fecha de recibo de las mismas. Cuando no fuere posible atender la petici\u00f3n o consulta dentro de dicho t\u00e9rmino, se informar\u00e1 al interesado, expresando los motivos de la demora y se\u00f1alando la fecha en que se atender\u00e1 su petici\u00f3n o consulta, la cual en ning\u00fan caso podr\u00e1 superar los cinco (5) d\u00edas h\u00e1biles siguientes al vencimiento del primer t\u00e9rmino.<\/td>\n<\/tr>\n<\/tbody>\n<\/table>\n<p>[\/et_pb_text][et_pb_text _builder_version=\u00bb4.6.6&#8243; _module_preset=\u00bbdefault\u00bb text_font=\u00bbMontserrat||||||||\u00bb text_orientation=\u00bbjustified\u00bb]<\/p>\n<table style=\"margin-left: auto; margin-right: auto;\">\n<tbody>\n<tr>\n<td colspan=\"2\" style=\"text-align: center;\"><strong>ATENCI\u00d3N Y RESPUESTA A QUEJAS Y RECLAMOS<\/strong><\/td>\n<\/tr>\n<tr>\n<td>\u00bfC\u00f3mo realizar el tr\u00e1mite?<\/td>\n<td>El Titular o sus causahabientes, podr\u00e1n solicitar a la empresa, a trav\u00e9s de una queja o reclamo:<br \/> 1. La correcci\u00f3n o actualizaci\u00f3n de la informaci\u00f3n.<br \/> 2. La supresi\u00f3n de sus Datos Personales o la revocatoria de la autorizaci\u00f3n otorgada para el Tratamiento<br \/> de los mismos.<br \/> 3. Que se subsane o corrija el presunto incumplimiento a cualquiera de los deberes contenidos en la Ley<br \/> de Protecci\u00f3n de Datos Personales.<br \/> NOTA:<br \/> La solicitud deber\u00e1 contener la descripci\u00f3n de los hechos que dan lugar a la queja o reclamo, la direcci\u00f3n y datos de<br \/> contacto del solicitante, y deber\u00e1 acompa\u00f1arse de los documentos que se quiera hacer valer<\/td>\n<\/tr>\n<tr>\n<td>habilitados<\/td>\n<td>Comunicaci\u00f3n escrita: Carrera 78 # 17-57 Of. 311 Edificio Meridiano 13<br \/> Correo electr\u00f3nico: <strong>contabilidad@loadcargo.com<\/strong><\/td>\n<\/tr>\n<tr>\n<td>Atenci\u00f3n y Respuesta<\/td>\n<td style=\"text-align: justify;\">\n<p>Si la queja o reclamo se presentan incompletos, la empresa deber\u00e1 requerir al interesado dentro de los cinco (5) d\u00edas siguientes a la recepci\u00f3n de la queja o reclamo para que subsane las fallas. Transcurridos dos (2) meses desde la fecha del requerimiento, sin que el solicitante presente la informaci\u00f3n requerida, se entender\u00e1 que ha desistido de la queja o reclamo. En caso de que quien reciba la queja o reclamo no sea competente para resolverlo, dar\u00e1 traslado a la Asesor Jur\u00eddico de la empresa, en un t\u00e9rmino m\u00e1ximo de dos (2) d\u00edas h\u00e1biles e informar\u00e1 de la situaci\u00f3n al interesado.<\/p>\n<p>El t\u00e9rmino m\u00e1ximo para atender la queja o el reclamo ser\u00e1 de quince (15) d\u00edas h\u00e1biles contados a partir del d\u00eda siguiente a la fecha de su recibo. Cuando no fuere posible atender la queja o el reclamo dentro de dicho t\u00e9rmino, se informar\u00e1 al interesado los motivos de la demora y la fecha en que se atender\u00e1 su la queja o reclamo, la cual en ning\u00fan caso podr\u00e1 superar los ocho (8) d\u00edas h\u00e1biles siguientes al vencimiento\u00a0del primer t\u00e9rmino.<\/p>\n<\/td>\n<\/tr>\n<\/tbody>\n<\/table>\n<p>[\/et_pb_text][et_pb_text _builder_version=\u00bb4.6.6&#8243; _module_preset=\u00bbdefault\u00bb text_font=\u00bbMontserrat||||||||\u00bb text_orientation=\u00bbjustified\u00bb]<\/p>\n<p><strong>14. SEGURIDAD DE LOS DATOS PERSONALES<\/strong><\/p>\n<p style=\"text-align: justify;\">LoadCargoS.A.S., en estricta aplicaci\u00f3n del Principio de Seguridad en el Tratamiento de Datos Personales, proporcionar\u00e1 las medidas t\u00e9cnicas, humanas y administrativas que sean necesarias para otorgar seguridad a los registros evitando su adulteraci\u00f3n, p\u00e9rdida, consulta, uso o acceso no autorizado o fraudulento. La obligaci\u00f3n y responsabilidad de la empresa, se limita a disponer de los medios adecuados para este fin. LoadCargo S.A.S., no garantiza la seguridad total de su informaci\u00f3n ni se responsabiliza por cualquier consecuencia derivada de fallas t\u00e9cnicas o del ingreso indebido por parte de terceros a la Base de Datos o Archivo en los que reposan los Datos Personales objeto de Tratamiento por parte de la empresa, y sus encargados. LoadCargo S.A.S., exigir\u00e1 a los proveedores de servicios que contrata, la adopci\u00f3n y cumplimiento de las medidas t\u00e9cnicas, humanas y administrativas adecuadas para la protecci\u00f3n de los Datos Personales en relaci\u00f3n con los cuales dichos proveedores act\u00faen como Encargados.<\/p>\n<p>[\/et_pb_text][et_pb_text _builder_version=\u00bb4.6.6&#8243; _module_preset=\u00bbdefault\u00bb text_font=\u00bbMontserrat||||||||\u00bb text_orientation=\u00bbjustified\u00bb]<\/p>\n<p style=\"text-align: justify;\"><strong>15. TRANSFERENCIA, TRANSMISI\u00d3N Y REVELACI\u00d3N DE DATOS PERSONALES <\/strong><\/p>\n<p style=\"text-align: justify;\"><strong>LoadCargo S.A.S.,<\/strong> podr\u00e1 entregar los\u00a0Datos Personales:<\/p>\n<p style=\"text-align: justify; padding-left: 30px;\">a. De nuestros conductores a nuestros clientes cuando se trate de clientes en ejecuci\u00f3n de servicio para el desarrollo de las actividades de transporte.<br \/> b. De nuestro personal a nuestros proveedores cuando se trate de elaboraci\u00f3n de carnets o certificados<br \/> solamente.<br \/> c. De nuestro personal a entidades de Seguridad Social para realizar las afiliaciones correspondientes.<\/p>\n<p style=\"text-align: justify;\"><strong>NOTA:<\/strong> La empresa ha realizado acuerdos de seguridad con clientes y proveedores donde se especifica el manejo confidencial que se debe dar a la informaci\u00f3n entregada por parte nuestra.<\/p>\n<p>[\/et_pb_text][et_pb_text _builder_version=\u00bb4.6.6&#8243; _module_preset=\u00bbdefault\u00bb text_font=\u00bbMontserrat||||||||\u00bb text_orientation=\u00bbjustified\u00bb]<\/p>\n<p style=\"text-align: justify;\"><strong>16. LIMITACIONES TEMPORALES AL TRATAMIENTO DE DATOS:<\/strong><\/p>\n<p style=\"text-align: justify;\">LoadCargoS.A.S., recolectar\u00e1, almacenar\u00e1, usar\u00e1 o circular\u00e1 los datos personales durante el tiempo que sea razonable y necesario, de acuerdo con las finalidades que justificaron su solicitud y tratamiento, una vez cumplida la finalidad se debe proceder a la supresi\u00f3n o conservaci\u00f3n de los datos y de acuerdo a las disposiciones legales aplicables en cada caso.<\/p>\n<p style=\"text-align: justify;\">La vigencia de la presente pol\u00edtica rige a partir de su fecha de autorizaci\u00f3n.<\/p>\n<p>[\/et_pb_text][\/et_pb_column][\/et_pb_row][\/et_pb_section]<\/p>\n","protected":false},"excerpt":{"rendered":"<p>Pol\u00edtica de Protecci\u00f3n de Datos Personales1. OBJETIVO Cumplir con la legislaci\u00f3n vigente que aplica para manejo de Datos Personales al interior de la empresa.2. ALCANCE Esta Pol\u00edtica de Protecci\u00f3n de Datos Personales se aplicar\u00e1 a todas las Bases de Datos y\/o Archivos que contengan Datos Personales que sean objeto de Tratamiento por parte de LoadCargo [&hellip;]<\/p>\n","protected":false},"author":1,"featured_media":0,"parent":0,"menu_order":0,"comment_status":"closed","ping_status":"closed","template":"","meta":{"_et_pb_use_builder":"on","_et_pb_old_content":"","_et_gb_content_width":""},"_links":{"self":[{"href":"https:\/\/www.loadcargo.com\/web\/wp-json\/wp\/v2\/pages\/27"}],"collection":[{"href":"https:\/\/www.loadcargo.com\/web\/wp-json\/wp\/v2\/pages"}],"about":[{"href":"https:\/\/www.loadcargo.com\/web\/wp-json\/wp\/v2\/types\/page"}],"author":[{"embeddable":true,"href":"https:\/\/www.loadcargo.com\/web\/wp-json\/wp\/v2\/users\/1"}],"replies":[{"embeddable":true,"href":"https:\/\/www.loadcargo.com\/web\/wp-json\/wp\/v2\/comments?post=27"}],"version-history":[{"count":48,"href":"https:\/\/www.loadcargo.com\/web\/wp-json\/wp\/v2\/pages\/27\/revisions"}],"predecessor-version":[{"id":399,"href":"https:\/\/www.loadcargo.com\/web\/wp-json\/wp\/v2\/pages\/27\/revisions\/399"}],"wp:attachment":[{"href":"https:\/\/www.loadcargo.com\/web\/wp-json\/wp\/v2\/media?parent=27"}],"curies":[{"name":"wp","href":"https:\/\/api.w.org\/{rel}","templated":true}]}}